{"id":423,"date":"2025-04-14T07:06:34","date_gmt":"2025-04-14T07:06:34","guid":{"rendered":"https:\/\/mediateur-vannes.fr\/?page_id=423"},"modified":"2025-04-14T09:02:08","modified_gmt":"2025-04-14T09:02:08","slug":"mentions-legales","status":"publish","type":"page","link":"https:\/\/mediateur-vannes.fr\/index.php\/mentions-legales\/","title":{"rendered":"Mentions l\u00e9gales"},"content":{"rendered":"\t\t<div data-elementor-type=\"wp-page\" data-elementor-id=\"423\" class=\"elementor elementor-423\" data-elementor-post-type=\"page\">\n\t\t\t\t<div class=\"elementor-element elementor-element-affb060 e-flex e-con-boxed e-con e-parent\" data-id=\"affb060\" data-element_type=\"container\">\n\t\t\t\t\t<div class=\"e-con-inner\">\n\t\t\t\t<div class=\"elementor-element elementor-element-65ac30a elementor-widget elementor-widget-heading\" data-id=\"65ac30a\" data-element_type=\"widget\" data-widget_type=\"heading.default\">\n\t\t\t\t<div class=\"elementor-widget-container\">\n\t\t\t\t\t<h1 class=\"elementor-heading-title elementor-size-default\">Mentions L\u00e9gales<\/h1>\t\t\t\t<\/div>\n\t\t\t\t<\/div>\n\t\t\t\t<div class=\"elementor-element elementor-element-b342612 elementor-widget elementor-widget-text-editor\" data-id=\"b342612\" data-element_type=\"widget\" data-widget_type=\"text-editor.default\">\n\t\t\t\t<div class=\"elementor-widget-container\">\n\t\t\t\t\t\t\t\t\t<div id=\"content\"><div id=\"post-865\" class=\"post-865 page type-page status-publish hentry\"><div class=\"post-content\"><h2 data-fontsize=\"28\" data-lineheight=\"32\">Propri\u00e9taire \/ \u00e9diteur<\/h2><p>Le cabinet Hamon, Parc d\u2019activit\u00e9s du T\u00e9n\u00e9nio \u2013 1 bis All\u00e9e Fran\u00e7ois Joseph Broussais 56000 VANNES<\/p><p>Emeline Hamon<br \/>T\u00e9l : 02 97 47 15 54<\/p><p>E-mail : contact@hamon-avocat.com\u00a0<\/p><h2 data-fontsize=\"28\" data-lineheight=\"32\">Concepteur \/ cr\u00e9ateur<\/h2><p>L\u2019ensemble du site M\u00e9diateur Vannes, conception, charte graphique et applications, a \u00e9t\u00e9 cr\u00e9\u00e9 et d\u00e9velopp\u00e9 et est administr\u00e9 par <a href=\"https:\/\/www.webapic.com\" target=\"_blank\" rel=\"noopener\">l\u2019agence web Webapic \u00e0 Vannes<\/a>. <\/p><p>\u00a0<\/p><h2 data-fontsize=\"28\" data-lineheight=\"32\">H\u00e9bergeur<\/h2><p>Le site est h\u00e9berg\u00e9 chez le prestataire OVH :<\/p><p>SARL OVH \u2013 2 rue Kellermann \u2013 59100 ROUBAIX \u2013 FRANCE<\/p><p>\u00a0<\/p><h2>Contenus et droits de reproduction<\/h2><p>En application des articles L. 111-1 et L. 123-1 du Code de la Propri\u00e9t\u00e9 Intellectuelle, l\u2019ensemble des contenus de ce site (textes, images, vid\u00e9os et tout m\u00e9dia en g\u00e9n\u00e9ral), sauf mention contraire explicite, est prot\u00e9g\u00e9 par le droit d\u2019auteur. La reproduction, m\u00eame partielle, des contenus des pages de ce site sans accord pr\u00e9alable du cabinet Hamon est strictement interdite. Les citations courtes sont autoris\u00e9es par le droit fran\u00e7ais pour commentaires et critiques, tant que ceux-ci y sont strictement concomitants et que sont pr\u00e9cis\u00e9s l\u2019auteur original et le lien Internet vers la page source.<br \/><br \/><\/p><h2 data-fontsize=\"28\" data-lineheight=\"32\">Conditions d&rsquo;utilisation<\/h2><h3>Acceptation de fait<\/h3><p>En utilisant le site Internet, l\u2019internaute prend note et accepte les conditions ici \u00e9num\u00e9r\u00e9es.<\/p><h3>Abus<\/h3><p>En application de la loi n\u00b0 2004-575 du 21 juin 2004 pour la confiance dans l\u2019\u00e9conomie num\u00e9rique, pour signaler un contenu litigieux ou si vous \u00eates victime d\u2019une utilisation frauduleuse du site, merci de contacter l\u2019administrateur du site aux adresses courriel : contact@hamon-avocat.com.<\/p><h3>Collecte et traitement des donn\u00e9es personnelles<\/h3><p>Les informations \u00e9ventuellement recueillies par le site ne sont jamais communiqu\u00e9es \u00e0 des tiers.<br \/>Sauf cas particulier, ces informations proviennent de l\u2019enregistrement volontaire d\u2019une adresse courriel fournie par l\u2019internaute, lui permettant de recevoir une documentation ou une newsletter, ou de se renseigner sur un point quelconque.<br \/>En application de la loi n\u00b0 78-17 du 6 janvier 1978 relative \u00e0 l\u2019informatique, aux fichiers et aux libert\u00e9s, l\u2019internaute dispose d\u2019un droit d\u2019acc\u00e8s, de rectification et de suppression des informations personnelles le concernant stock\u00e9es par Le cabinet Hamon, qu\u2019il peut exercer \u00e0 tout moment aupr\u00e8s de l\u2019administrateur du site du cabinet Hamon. Pour une demande de ce type, veuillez contacter le courriel :\u00a0 contact@hamon-avocat.com.<\/p><h3>Cookies<\/h3><p>Certaines informations nominatives et certains marqueurs t\u00e9moins peuvent \u00eatre enregistr\u00e9es par le site sur l\u2019ordinateur personnel de l\u2019internaute. L&rsquo;internaute a la possibilit\u00e9 de refuser l&rsquo;acceptation des cookies via le module &lsquo;Cookie Yes&rsquo; respectant les normes europ\u00e9ennes en vigueur.<\/p><h3>Limite de responsabilit\u00e9<\/h3><p>Le site comporte des informations mises \u00e0 disposition par des soci\u00e9t\u00e9s externes ou des liens hypertextes vers d\u2019autres sites ou d\u2019autres sources externes qui n\u2019ont pas \u00e9t\u00e9 d\u00e9velopp\u00e9s par Le cabinet Hamon. Les comportements des sites cibles, \u00e9ventuellement malveillants, ne sauraient \u00eatre rattach\u00e9s \u00e0 la responsabilit\u00e9 du cabinet Hamon. Plus g\u00e9n\u00e9ralement, le contenu mis \u00e0 disposition sur ce site est fourni \u00e0 titre informatif. Il appartient \u00e0 l\u2019internaute d\u2019utiliser ces informations avec discernement. La responsabilit\u00e9 du cabinet Hamon ne saurait \u00eatre engag\u00e9e de fait quant aux informations, opinions et recommandations formul\u00e9es par des tiers.<br \/>Dans la mesure o\u00f9 le cabinet Hamon ne peut contr\u00f4ler ces sites ou sources externes, le cabinet Hamon ne peut \u00eatre tenu pour responsable de la mise \u00e0 disposition de ces sites ou sources externes et ne peut supporter aucune responsabilit\u00e9 quant aux contenus, publicit\u00e9s, produits, services ou tout autre mat\u00e9riel disponible sur ou \u00e0 partir de ces sites ou sources externes. De plus, le cabinet Hamon ne pourra \u00eatre tenu responsable de tous dommages ou pertes av\u00e9r\u00e9s ou all\u00e9gu\u00e9s cons\u00e9cutifs ou en relation avec l\u2019utilisation ou le fait d\u2019avoir fait confiance au contenu, \u00e0 des biens ou des services disponibles sur ces sites ou sources externes.<\/p><\/div><\/div><\/div>\t\t\t\t\t\t\t\t<\/div>\n\t\t\t\t<\/div>\n\t\t\t\t\t<\/div>\n\t\t\t\t<\/div>\n\t\t\t\t<\/div>\n\t\t","protected":false},"excerpt":{"rendered":"<p>Mentions L\u00e9gales Propri\u00e9taire \/ \u00e9diteur Le cabinet Hamon, Parc d\u2019activit\u00e9s du T\u00e9n\u00e9nio \u2013 1 bis All\u00e9e Fran\u00e7ois Joseph Broussais 56000 VANNES Emeline HamonT\u00e9l : 02 97 47 15 54 E-mail : contact@hamon-avocat.com\u00a0 Concepteur \/ cr\u00e9ateur L\u2019ensemble du site M\u00e9diateur Vannes, conception, charte graphique et applications, a \u00e9t\u00e9 cr\u00e9\u00e9 et d\u00e9velopp\u00e9 et est administr\u00e9 par l\u2019agence [&hellip;]<\/p>\n","protected":false},"author":1,"featured_media":0,"parent":0,"menu_order":0,"comment_status":"closed","ping_status":"closed","template":"","meta":{"footnotes":""},"class_list":["post-423","page","type-page","status-publish","hentry"],"yoast_head":"<!-- This site is optimized with the Yoast SEO plugin v24.8.1 - https:\/\/yoast.com\/wordpress\/plugins\/seo\/ -->\n<title>Mentions l\u00e9gales - M\u00e9diateur Judiciaire et Conventionnelle<\/title>\n<meta name=\"robots\" content=\"index, follow, max-snippet:-1, max-image-preview:large, max-video-preview:-1\" \/>\n<link rel=\"canonical\" href=\"https:\/\/mediateur-vannes.fr\/index.php\/mentions-legales\/\" \/>\n<meta property=\"og:locale\" content=\"fr_FR\" \/>\n<meta property=\"og:type\" content=\"article\" \/>\n<meta property=\"og:title\" content=\"Mentions l\u00e9gales - M\u00e9diateur Judiciaire et Conventionnelle\" \/>\n<meta property=\"og:description\" content=\"Mentions L\u00e9gales Propri\u00e9taire \/ \u00e9diteur Le cabinet Hamon, Parc d\u2019activit\u00e9s du T\u00e9n\u00e9nio \u2013 1 bis All\u00e9e Fran\u00e7ois Joseph Broussais 56000 VANNES Emeline HamonT\u00e9l : 02 97 47 15 54 E-mail : contact@hamon-avocat.com\u00a0 Concepteur \/ cr\u00e9ateur L\u2019ensemble du site M\u00e9diateur Vannes, conception, charte graphique et applications, a \u00e9t\u00e9 cr\u00e9\u00e9 et d\u00e9velopp\u00e9 et est administr\u00e9 par l\u2019agence [&hellip;]\" \/>\n<meta property=\"og:url\" content=\"https:\/\/mediateur-vannes.fr\/index.php\/mentions-legales\/\" \/>\n<meta property=\"og:site_name\" content=\"M\u00e9diateur Judiciaire et Conventionnelle\" \/>\n<meta property=\"article:modified_time\" content=\"2025-04-14T09:02:08+00:00\" \/>\n<meta name=\"twitter:card\" content=\"summary_large_image\" \/>\n<meta name=\"twitter:label1\" content=\"Dur\u00e9e de lecture estim\u00e9e\" \/>\n\t<meta name=\"twitter:data1\" content=\"4 minutes\" \/>\n<script type=\"application\/ld+json\" class=\"yoast-schema-graph\">{\"@context\":\"https:\/\/schema.org\",\"@graph\":[{\"@type\":\"WebPage\",\"@id\":\"https:\/\/mediateur-vannes.fr\/index.php\/mentions-legales\/\",\"url\":\"https:\/\/mediateur-vannes.fr\/index.php\/mentions-legales\/\",\"name\":\"Mentions l\u00e9gales - M\u00e9diateur Judiciaire et Conventionnelle\",\"isPartOf\":{\"@id\":\"https:\/\/mediateur-vannes.fr\/#website\"},\"datePublished\":\"2025-04-14T07:06:34+00:00\",\"dateModified\":\"2025-04-14T09:02:08+00:00\",\"breadcrumb\":{\"@id\":\"https:\/\/mediateur-vannes.fr\/index.php\/mentions-legales\/#breadcrumb\"},\"inLanguage\":\"fr-FR\",\"potentialAction\":[{\"@type\":\"ReadAction\",\"target\":[\"https:\/\/mediateur-vannes.fr\/index.php\/mentions-legales\/\"]}]},{\"@type\":\"BreadcrumbList\",\"@id\":\"https:\/\/mediateur-vannes.fr\/index.php\/mentions-legales\/#breadcrumb\",\"itemListElement\":[{\"@type\":\"ListItem\",\"position\":1,\"name\":\"Accueil\",\"item\":\"https:\/\/mediateur-vannes.fr\/\"},{\"@type\":\"ListItem\",\"position\":2,\"name\":\"Mentions l\u00e9gales\"}]},{\"@type\":\"WebSite\",\"@id\":\"https:\/\/mediateur-vannes.fr\/#website\",\"url\":\"https:\/\/mediateur-vannes.fr\/\",\"name\":\"M\u00e9diateur Judiciaire et Conventionnelle\",\"description\":\"\",\"potentialAction\":[{\"@type\":\"SearchAction\",\"target\":{\"@type\":\"EntryPoint\",\"urlTemplate\":\"https:\/\/mediateur-vannes.fr\/?s={search_term_string}\"},\"query-input\":{\"@type\":\"PropertyValueSpecification\",\"valueRequired\":true,\"valueName\":\"search_term_string\"}}],\"inLanguage\":\"fr-FR\"}]}<\/script>\n<!-- \/ Yoast SEO plugin. -->","yoast_head_json":{"title":"Mentions l\u00e9gales - M\u00e9diateur Judiciaire et Conventionnelle","robots":{"index":"index","follow":"follow","max-snippet":"max-snippet:-1","max-image-preview":"max-image-preview:large","max-video-preview":"max-video-preview:-1"},"canonical":"https:\/\/mediateur-vannes.fr\/index.php\/mentions-legales\/","og_locale":"fr_FR","og_type":"article","og_title":"Mentions l\u00e9gales - M\u00e9diateur Judiciaire et Conventionnelle","og_description":"Mentions L\u00e9gales Propri\u00e9taire \/ \u00e9diteur Le cabinet Hamon, Parc d\u2019activit\u00e9s du T\u00e9n\u00e9nio \u2013 1 bis All\u00e9e Fran\u00e7ois Joseph Broussais 56000 VANNES Emeline HamonT\u00e9l : 02 97 47 15 54 E-mail : contact@hamon-avocat.com\u00a0 Concepteur \/ cr\u00e9ateur L\u2019ensemble du site M\u00e9diateur Vannes, conception, charte graphique et applications, a \u00e9t\u00e9 cr\u00e9\u00e9 et d\u00e9velopp\u00e9 et est administr\u00e9 par l\u2019agence [&hellip;]","og_url":"https:\/\/mediateur-vannes.fr\/index.php\/mentions-legales\/","og_site_name":"M\u00e9diateur Judiciaire et Conventionnelle","article_modified_time":"2025-04-14T09:02:08+00:00","twitter_card":"summary_large_image","twitter_misc":{"Dur\u00e9e de lecture estim\u00e9e":"4 minutes"},"schema":{"@context":"https:\/\/schema.org","@graph":[{"@type":"WebPage","@id":"https:\/\/mediateur-vannes.fr\/index.php\/mentions-legales\/","url":"https:\/\/mediateur-vannes.fr\/index.php\/mentions-legales\/","name":"Mentions l\u00e9gales - M\u00e9diateur Judiciaire et Conventionnelle","isPartOf":{"@id":"https:\/\/mediateur-vannes.fr\/#website"},"datePublished":"2025-04-14T07:06:34+00:00","dateModified":"2025-04-14T09:02:08+00:00","breadcrumb":{"@id":"https:\/\/mediateur-vannes.fr\/index.php\/mentions-legales\/#breadcrumb"},"inLanguage":"fr-FR","potentialAction":[{"@type":"ReadAction","target":["https:\/\/mediateur-vannes.fr\/index.php\/mentions-legales\/"]}]},{"@type":"BreadcrumbList","@id":"https:\/\/mediateur-vannes.fr\/index.php\/mentions-legales\/#breadcrumb","itemListElement":[{"@type":"ListItem","position":1,"name":"Accueil","item":"https:\/\/mediateur-vannes.fr\/"},{"@type":"ListItem","position":2,"name":"Mentions l\u00e9gales"}]},{"@type":"WebSite","@id":"https:\/\/mediateur-vannes.fr\/#website","url":"https:\/\/mediateur-vannes.fr\/","name":"M\u00e9diateur Judiciaire et Conventionnelle","description":"","potentialAction":[{"@type":"SearchAction","target":{"@type":"EntryPoint","urlTemplate":"https:\/\/mediateur-vannes.fr\/?s={search_term_string}"},"query-input":{"@type":"PropertyValueSpecification","valueRequired":true,"valueName":"search_term_string"}}],"inLanguage":"fr-FR"}]}},"_links":{"self":[{"href":"https:\/\/mediateur-vannes.fr\/index.php\/wp-json\/wp\/v2\/pages\/423","targetHints":{"allow":["GET"]}}],"collection":[{"href":"https:\/\/mediateur-vannes.fr\/index.php\/wp-json\/wp\/v2\/pages"}],"about":[{"href":"https:\/\/mediateur-vannes.fr\/index.php\/wp-json\/wp\/v2\/types\/page"}],"author":[{"embeddable":true,"href":"https:\/\/mediateur-vannes.fr\/index.php\/wp-json\/wp\/v2\/users\/1"}],"replies":[{"embeddable":true,"href":"https:\/\/mediateur-vannes.fr\/index.php\/wp-json\/wp\/v2\/comments?post=423"}],"version-history":[{"count":7,"href":"https:\/\/mediateur-vannes.fr\/index.php\/wp-json\/wp\/v2\/pages\/423\/revisions"}],"predecessor-version":[{"id":431,"href":"https:\/\/mediateur-vannes.fr\/index.php\/wp-json\/wp\/v2\/pages\/423\/revisions\/431"}],"wp:attachment":[{"href":"https:\/\/mediateur-vannes.fr\/index.php\/wp-json\/wp\/v2\/media?parent=423"}],"curies":[{"name":"wp","href":"https:\/\/api.w.org\/{rel}","templated":true}]}}